{"id":709,"date":"2018-07-19T13:22:54","date_gmt":"2018-07-19T11:22:54","guid":{"rendered":"https:\/\/landl\u00f6wen.de\/?page_id=709"},"modified":"2025-06-24T16:09:07","modified_gmt":"2025-06-24T14:09:07","slug":"jobs","status":"publish","type":"page","link":"https:\/\/landl\u00f6wen.de\/?page_id=709","title":{"rendered":"Jobs"},"content":{"rendered":"<p><!--themify_builder_static--><\/p>\n<h4 style=\"text-align: center;\">Wir wachsen \u00a0&#8211; wachse \u00fcber dich hinaus!<\/h4>\n<h5 style=\"text-align: left;\">Arbeiten im Team der Landl\u00f6wen,<br \/>ein echtes Mitglied im L\u00f6wenrudel werden:<br \/>mehr als ein Job &#8211; \u00a0mehr als ein Gasthof.<\/h5>\n<p><em><strong>Du hast Feuer? Dann komm ins\u00a0Team der Landl\u00f6wen!<\/strong><\/em><\/p>\n<p>Der Landgasthof ZUM L\u00d6WEN ist ein attraktiver Arbeitgeber. Wir bieten viel und erwarten einiges &#8211; vor Allem Elan und Leidenschaft.<\/p>\n<p>Wenn Du folgende Fragen positiv beantworten kannst, bist Du bei uns goldrichtig:<\/p>\n<ul>\n<li>Bin ich bereit zur Arbeit an Wochenenden und Feiertagen?<\/li>\n<li>Habe ich Freude am Umgang mit Menschen?<\/li>\n<li>Geh\u00f6ren Freundlichkeit, Sozialkompetenz und Loyalit\u00e4t zu meinen Eigenschaften?<\/li>\n<li>Kann ich gut mit Stress umgehen und habe ein gewisses Organisationsgeschick?<\/li>\n<li>Kann ich die Begeisterung f\u00fcr Genuss vermitteln? Am Besten, weil ich selber begeistert bin.<\/li>\n<\/ul>\n<p style=\"text-align: center;\"><strong>Koch | K\u00f6chin &#8211; Vollzeit<\/strong><br \/> engagiert, erfahren,&nbsp;selbst\u00e4ndig<br \/> an der Seite von L\u00f6wen-Chef und Fernsehkoch Siggi Reitz<\/p>\n<p style=\"text-align: center;\">und<\/p>\n<p style=\"text-align: center;\"><strong>Mitar<\/strong><strong>beiter | Mitarbeiterin im Service &#8211; Vollzeit<\/strong><br \/> engagiert, mit Gastro-Erfahrung &#8211;&nbsp;<br \/> freundlich, umsichtig, selbst\u00e4ndig.<\/p>\n<p style=\"text-align: center;\"><strong>Mitarbeiter | Mitarbeiterin im Service &#8211; Teilzeit&nbsp;oder Minijob<\/strong><br \/> engagiert, am Besten mit Gastro-Erfahrung &#8211;&nbsp;<br \/> sympathisch, aufmerksam, lernf\u00e4hig.<\/p>\n<p style=\"text-align: center;\">sowie<\/p>\n<p style=\"text-align: center;\"><strong>Mitarbeiter | Mitarbeiterin in der K\u00fcche &#8211; Teilzeit oder Minijob<\/strong><br \/> fleissig, stressfest und mit Spa\u00df an der Arbeit<br \/> zusammen mit anderen in unserem K\u00fcchenteam.<\/p>\n<p style=\"text-align: center;\">Bei uns muss man etwas leisten \u2013&nbsp;allerdings &#8230;<br \/>&#8230; in guter Atmosph\u00e4re, in einem klasse Team, mit einer neuen K\u00fcche, in einem echten Landgasthof, mit vielen anspruchsvollen G\u00e4sten.<\/p>\n<p style=\"text-align: center;\"><strong>Fass dir ein Herz und bewirb dich jetzt bei uns!<\/strong><\/p>\n<p><a href=\"mailto:post@landloewen.de\" > Bewerbung per Mail <\/a><!--\/themify_builder_static--><\/p>\n","protected":false},"excerpt":{"rendered":"<p>Wir wachsen \u00a0&#8211; wachse \u00fcber dich hinaus! Arbeiten im Team der Landl\u00f6wen,ein echtes Mitglied im L\u00f6wenrudel werden:mehr als ein Job &#8211; \u00a0mehr als ein Gasthof. Du hast Feuer? Dann komm [&hellip;]<\/p>\n","protected":false},"author":1,"featured_media":0,"parent":0,"menu_order":0,"comment_status":"closed","ping_status":"closed","template":"","meta":{"ngg_post_thumbnail":0,"footnotes":""},"class_list":["post-709","page","type-page","status-publish","hentry","has-post-title","has-post-date","has-post-category","has-post-tag","has-post-comment","has-post-author",""],"yoast_head":"<!-- This site is optimized with the Yoast SEO plugin v27.4 - https:\/\/yoast.com\/product\/yoast-seo-wordpress\/ -->\n<title>Jobs | Landgasthof Zum L\u00f6wen |\u00a0Restaurant im Taunus | Biergarten im Taunus<\/title>\n<meta name=\"robots\" content=\"index, follow, max-snippet:-1, max-image-preview:large, max-video-preview:-1\" \/>\n<link rel=\"canonical\" href=\"https:\/\/landl\u00f6wen.de\/?page_id=709\" \/>\n<meta property=\"og:locale\" content=\"de_DE\" \/>\n<meta property=\"og:type\" content=\"article\" \/>\n<meta property=\"og:title\" content=\"Jobs | Landgasthof Zum L\u00f6wen |\u00a0Restaurant im Taunus | Biergarten im Taunus\" \/>\n<meta property=\"og:description\" content=\"Wir wachsen \u00a0&#8211; wachse \u00fcber dich hinaus! Arbeiten im Team der Landl\u00f6wen,ein echtes Mitglied im L\u00f6wenrudel werden:mehr als ein Job &#8211; \u00a0mehr als ein Gasthof. Du hast Feuer? Dann komm [&hellip;]\" \/>\n<meta property=\"og:url\" content=\"https:\/\/landl\u00f6wen.de\/?page_id=709\" \/>\n<meta property=\"og:site_name\" content=\"Landgasthof Zum L\u00f6wen |\u00a0Restaurant im Taunus | Biergarten im Taunus\" \/>\n<meta property=\"article:publisher\" content=\"https:\/\/www.facebook.com\/landloewen\" \/>\n<meta property=\"article:modified_time\" content=\"2025-06-24T14:09:07+00:00\" \/>\n<meta property=\"og:image\" content=\"https:\/\/landl\u00f6wen.de\/wp-content\/uploads\/landloewen_Logo_Relief_200.png\" \/>\n\t<meta property=\"og:image:width\" content=\"185\" \/>\n\t<meta property=\"og:image:height\" content=\"200\" \/>\n\t<meta property=\"og:image:type\" content=\"image\/png\" \/>\n<meta name=\"twitter:card\" content=\"summary_large_image\" \/>\n<meta name=\"twitter:label1\" content=\"Gesch\u00e4tzte Lesezeit\" \/>\n\t<meta name=\"twitter:data1\" content=\"1\u00a0Minute\" \/>\n<script type=\"application\/ld+json\" class=\"yoast-schema-graph\">{\"@context\":\"https:\\\/\\\/schema.org\",\"@graph\":[{\"@type\":\"WebPage\",\"@id\":\"https:\\\/\\\/landl\u00f6wen.de\\\/?page_id=709\",\"url\":\"https:\\\/\\\/landl\u00f6wen.de\\\/?page_id=709\",\"name\":\"Jobs | Landgasthof Zum L\u00f6wen |\u00a0Restaurant im Taunus | Biergarten im Taunus\",\"isPartOf\":{\"@id\":\"https:\\\/\\\/landl\u00f6wen.de\\\/#website\"},\"datePublished\":\"2018-07-19T11:22:54+00:00\",\"dateModified\":\"2025-06-24T14:09:07+00:00\",\"breadcrumb\":{\"@id\":\"https:\\\/\\\/landl\u00f6wen.de\\\/?page_id=709#breadcrumb\"},\"inLanguage\":\"de\",\"potentialAction\":[{\"@type\":\"ReadAction\",\"target\":[\"https:\\\/\\\/landl\u00f6wen.de\\\/?page_id=709\"]}]},{\"@type\":\"BreadcrumbList\",\"@id\":\"https:\\\/\\\/landl\u00f6wen.de\\\/?page_id=709#breadcrumb\",\"itemListElement\":[{\"@type\":\"ListItem\",\"position\":1,\"name\":\"Startseite\",\"item\":\"https:\\\/\\\/landl\u00f6wen.de\\\/\"},{\"@type\":\"ListItem\",\"position\":2,\"name\":\"Jobs\"}]},{\"@type\":\"WebSite\",\"@id\":\"https:\\\/\\\/landl\u00f6wen.de\\\/#website\",\"url\":\"https:\\\/\\\/landl\u00f6wen.de\\\/\",\"name\":\"Landgasthof Zum L\u00f6wen |\u00a0Restaurant im Taunus | Biergarten im Taunus\",\"description\":\"Deutsche K\u00fcche im Taunus |\u00a0Siggi Reitz | Hallo Hessen\",\"publisher\":{\"@id\":\"https:\\\/\\\/landl\u00f6wen.de\\\/#organization\"},\"alternateName\":\"Landgasthof Zum L\u00f6wen\",\"potentialAction\":[{\"@type\":\"SearchAction\",\"target\":{\"@type\":\"EntryPoint\",\"urlTemplate\":\"https:\\\/\\\/landl\u00f6wen.de\\\/?s={search_term_string}\"},\"query-input\":{\"@type\":\"PropertyValueSpecification\",\"valueRequired\":true,\"valueName\":\"search_term_string\"}}],\"inLanguage\":\"de\"},{\"@type\":\"Organization\",\"@id\":\"https:\\\/\\\/landl\u00f6wen.de\\\/#organization\",\"name\":\"Landgasthof Zum L\u00f6wen\",\"url\":\"https:\\\/\\\/landl\u00f6wen.de\\\/\",\"logo\":{\"@type\":\"ImageObject\",\"inLanguage\":\"de\",\"@id\":\"https:\\\/\\\/landl\u00f6wen.de\\\/#\\\/schema\\\/logo\\\/image\\\/\",\"url\":\"https:\\\/\\\/landl\u00f6wen.de\\\/wp-content\\\/uploads\\\/2018\\\/04\\\/Loewe_rot_rechts_fav512.png\",\"contentUrl\":\"https:\\\/\\\/landl\u00f6wen.de\\\/wp-content\\\/uploads\\\/2018\\\/04\\\/Loewe_rot_rechts_fav512.png\",\"width\":512,\"height\":512,\"caption\":\"Landgasthof Zum L\u00f6wen\"},\"image\":{\"@id\":\"https:\\\/\\\/landl\u00f6wen.de\\\/#\\\/schema\\\/logo\\\/image\\\/\"},\"sameAs\":[\"https:\\\/\\\/www.facebook.com\\\/landloewen\",\"https:\\\/\\\/www.instagram.com\\\/landloewen\\\/\"]}]}<\/script>\n<!-- \/ Yoast SEO plugin. -->","yoast_head_json":{"title":"Jobs | Landgasthof Zum L\u00f6wen |\u00a0Restaurant im Taunus | Biergarten im Taunus","robots":{"index":"index","follow":"follow","max-snippet":"max-snippet:-1","max-image-preview":"max-image-preview:large","max-video-preview":"max-video-preview:-1"},"canonical":"https:\/\/landl\u00f6wen.de\/?page_id=709","og_locale":"de_DE","og_type":"article","og_title":"Jobs | Landgasthof Zum L\u00f6wen |\u00a0Restaurant im Taunus | Biergarten im Taunus","og_description":"Wir wachsen \u00a0&#8211; wachse \u00fcber dich hinaus! Arbeiten im Team der Landl\u00f6wen,ein echtes Mitglied im L\u00f6wenrudel werden:mehr als ein Job &#8211; \u00a0mehr als ein Gasthof. Du hast Feuer? Dann komm [&hellip;]","og_url":"https:\/\/landl\u00f6wen.de\/?page_id=709","og_site_name":"Landgasthof Zum L\u00f6wen |\u00a0Restaurant im Taunus | Biergarten im Taunus","article_publisher":"https:\/\/www.facebook.com\/landloewen","article_modified_time":"2025-06-24T14:09:07+00:00","og_image":[{"width":185,"height":200,"url":"https:\/\/landl\u00f6wen.de\/wp-content\/uploads\/landloewen_Logo_Relief_200.png","type":"image\/png"}],"twitter_card":"summary_large_image","twitter_misc":{"Gesch\u00e4tzte Lesezeit":"1\u00a0Minute"},"schema":{"@context":"https:\/\/schema.org","@graph":[{"@type":"WebPage","@id":"https:\/\/landl\u00f6wen.de\/?page_id=709","url":"https:\/\/landl\u00f6wen.de\/?page_id=709","name":"Jobs | Landgasthof Zum L\u00f6wen |\u00a0Restaurant im Taunus | Biergarten im Taunus","isPartOf":{"@id":"https:\/\/landl\u00f6wen.de\/#website"},"datePublished":"2018-07-19T11:22:54+00:00","dateModified":"2025-06-24T14:09:07+00:00","breadcrumb":{"@id":"https:\/\/landl\u00f6wen.de\/?page_id=709#breadcrumb"},"inLanguage":"de","potentialAction":[{"@type":"ReadAction","target":["https:\/\/landl\u00f6wen.de\/?page_id=709"]}]},{"@type":"BreadcrumbList","@id":"https:\/\/landl\u00f6wen.de\/?page_id=709#breadcrumb","itemListElement":[{"@type":"ListItem","position":1,"name":"Startseite","item":"https:\/\/landl\u00f6wen.de\/"},{"@type":"ListItem","position":2,"name":"Jobs"}]},{"@type":"WebSite","@id":"https:\/\/landl\u00f6wen.de\/#website","url":"https:\/\/landl\u00f6wen.de\/","name":"Landgasthof Zum L\u00f6wen |\u00a0Restaurant im Taunus | Biergarten im Taunus","description":"Deutsche K\u00fcche im Taunus |\u00a0Siggi Reitz | Hallo Hessen","publisher":{"@id":"https:\/\/landl\u00f6wen.de\/#organization"},"alternateName":"Landgasthof Zum L\u00f6wen","potentialAction":[{"@type":"SearchAction","target":{"@type":"EntryPoint","urlTemplate":"https:\/\/landl\u00f6wen.de\/?s={search_term_string}"},"query-input":{"@type":"PropertyValueSpecification","valueRequired":true,"valueName":"search_term_string"}}],"inLanguage":"de"},{"@type":"Organization","@id":"https:\/\/landl\u00f6wen.de\/#organization","name":"Landgasthof Zum L\u00f6wen","url":"https:\/\/landl\u00f6wen.de\/","logo":{"@type":"ImageObject","inLanguage":"de","@id":"https:\/\/landl\u00f6wen.de\/#\/schema\/logo\/image\/","url":"https:\/\/landl\u00f6wen.de\/wp-content\/uploads\/2018\/04\/Loewe_rot_rechts_fav512.png","contentUrl":"https:\/\/landl\u00f6wen.de\/wp-content\/uploads\/2018\/04\/Loewe_rot_rechts_fav512.png","width":512,"height":512,"caption":"Landgasthof Zum L\u00f6wen"},"image":{"@id":"https:\/\/landl\u00f6wen.de\/#\/schema\/logo\/image\/"},"sameAs":["https:\/\/www.facebook.com\/landloewen","https:\/\/www.instagram.com\/landloewen\/"]}]}},"builder_content":"<h4 style=\"text-align: left;\">Wir wachsen &nbsp;- wachse \u00fcber dich hinaus!<\/h4>\n<h5 style=\"text-align: left;\">Arbeiten im Team der Landl\u00f6wen,<br>ein echtes Mitglied im L\u00f6wenrudel werden:<br>mehr als ein Job - &nbsp;mehr als ein Gasthof.<\/h5><p><em><strong>Du hast Feuer? Dann komm ins&nbsp;Team der Landl\u00f6wen!<\/strong><\/em><\/p><p>Der Landgasthof ZUM L\u00d6WEN ist ein attraktiver Arbeitgeber.<br>Wir bieten viel - mit professioneller Anleitung, Schulungen und fairer Bezahlung.<\/p><p>Wir erwarten auch etwas - vor Allem Lernf\u00e4higkeit, Motivation und Zuverl\u00e4ssigkeit.<\/p>\n<p>Wenn Du folgende Fragen positiv beantworten kannst, bist Du bei uns goldrichtig:<\/p><ul><li>Bin ich bereit zur Arbeit an Wochenenden und Feiertagen?<\/li><li>Habe ich Freude am Umgang mit Menschen?<\/li><li>Geh\u00f6ren Freundlichkeit, Sozialkompetenz und Loyalit\u00e4t zu meinen Eigenschaften?<\/li><li>Kann ich gut mit Stress umgehen und habe ein gewisses Organisationsgeschick?<\/li><li>Kann ich die Begeisterung f\u00fcr Genuss vermitteln? Am Besten, weil ich selber begeistert bin.<\/li><\/ul>\n<img src=\"https:\/\/landl\u00f6wen.de\/wp-content\/uploads\/TAS09889ps_rl_1920_crop.jpg\" title=\"TAS09889ps_rl_1920_crop\" alt=\"Beispielfoto Servicekraft\" srcset=\"https:\/\/landl\u00f6wen.de\/wp-content\/uploads\/TAS09889ps_rl_1920_crop.jpg 1012w, https:\/\/landl\u00f6wen.de\/wp-content\/uploads\/TAS09889ps_rl_1920_crop-237x300.jpg 237w, https:\/\/landl\u00f6wen.de\/wp-content\/uploads\/TAS09889ps_rl_1920_crop-810x1024.jpg 810w, https:\/\/landl\u00f6wen.de\/wp-content\/uploads\/TAS09889ps_rl_1920_crop-768x971.jpg 768w\" sizes=\"(max-width: 1012px) 100vw, 1012px\" \/>\n<p style=\"text-align: center;\">&nbsp;<\/p><p style=\"text-align: center;\"><strong>Stellvertretende Restaurantleitung <br>(Vollzeit oder Teilzeit)<\/strong><br>engagiert, mit Gastro-Erfahrung -&nbsp;<br>freundlich, umsichtig, selbst\u00e4ndig.<\/p><p style=\"text-align: center;\">und<\/p><p style=\"text-align: center;\"><strong>Servicekr\u00e4fte f\u00fcr unseren sch\u00f6nen Biergarten <br>(Teilzeit oder Minijob)<\/strong><br>motiviert, am Besten mit Gastro-Erfahrung -&nbsp;<br>sympathisch, aufmerksam, lernf\u00e4hig.<\/p><p style=\"text-align: center;\">sowie<\/p><p style=\"text-align: center;\"><strong>Mitarbeiter | Mitarbeiterin in der K\u00fcche - Teilzeit oder Minijob<\/strong><br>fleissig, stressfest und mit Spa\u00df an der Arbeit<br>zusammen mit anderen in unserem K\u00fcchenteam.<\/p>\n<p style=\"text-align: center;\">Bei uns muss man etwas leisten \u2013&nbsp;allerdings ...<br>... in guter Atmosph\u00e4re, in einem klasse Team, mit einer neuen K\u00fcche, in einem echten Landgasthof, mit vielen anspruchsvollen G\u00e4sten.<\/p> <p style=\"text-align: center;\"><strong>Fass dir ein Herz und bewirb dich jetzt bei uns!<\/strong><\/p>\n<a href=\"mailto:post@landloewen.de\" > Bewerbung per Mail <\/a>","_links":{"self":[{"href":"https:\/\/landl\u00f6wen.de\/index.php?rest_route=\/wp\/v2\/pages\/709","targetHints":{"allow":["GET"]}}],"collection":[{"href":"https:\/\/landl\u00f6wen.de\/index.php?rest_route=\/wp\/v2\/pages"}],"about":[{"href":"https:\/\/landl\u00f6wen.de\/index.php?rest_route=\/wp\/v2\/types\/page"}],"author":[{"embeddable":true,"href":"https:\/\/landl\u00f6wen.de\/index.php?rest_route=\/wp\/v2\/users\/1"}],"replies":[{"embeddable":true,"href":"https:\/\/landl\u00f6wen.de\/index.php?rest_route=%2Fwp%2Fv2%2Fcomments&post=709"}],"version-history":[{"count":132,"href":"https:\/\/landl\u00f6wen.de\/index.php?rest_route=\/wp\/v2\/pages\/709\/revisions"}],"predecessor-version":[{"id":11241,"href":"https:\/\/landl\u00f6wen.de\/index.php?rest_route=\/wp\/v2\/pages\/709\/revisions\/11241"}],"wp:attachment":[{"href":"https:\/\/landl\u00f6wen.de\/index.php?rest_route=%2Fwp%2Fv2%2Fmedia&parent=709"}],"curies":[{"name":"wp","href":"https:\/\/api.w.org\/{rel}","templated":true}]}}